{"id":1439,"date":"2016-08-22T16:30:52","date_gmt":"2016-08-22T15:30:52","guid":{"rendered":"http:\/\/trail.camadeira.com\/?page_id=1439"},"modified":"2016-08-22T16:22:49","modified_gmt":"2016-08-22T15:22:49","slug":"inscricoes","status":"publish","type":"page","link":"http:\/\/trail.camadeira.com\/?page_id=1439","title":{"rendered":"Inscri\u00e7\u00f5es 2016"},"content":{"rendered":"<p>&nbsp;<\/p>\n<table>\n<tbody>\n<tr>\n<td>\u00a0<a href=\"http:\/\/www.camadeira.com\/entries\/entriesSystem\/index.php?ev=7\" class=\"su-button su-button-style-default\" style=\"color:#FFFFFF;background-color:#E09E3E;border-color:#b47f32;border-radius:7px;-moz-border-radius:7px;-webkit-border-radius:7px\" target=\"__blank\"><span style=\"color:#FFFFFF;padding:7px 20px;font-size:16px;line-height:24px;border-color:#eabc78;border-radius:7px;-moz-border-radius:7px;-webkit-border-radius:7px;text-shadow:none;-moz-text-shadow:none;-webkit-text-shadow:none\"><i class=\"sui sui-user\" style=\"font-size:16px;color:#FFFFFF\"><\/i> \u00a0Formul\u00e1rio de \u00a0Inscri\u00e7\u00e3o<\/span><\/a><\/td>\n<td>\u00a0<a href=\"http:\/\/www.camadeira.com\/entries\/entriesSystem\/entries.php?ev=7\" class=\"su-button su-button-style-default\" style=\"color:#FFFFFF;background-color:#327720;border-color:#28601a;border-radius:7px;-moz-border-radius:7px;-webkit-border-radius:7px\" target=\"__blank\"><span style=\"color:#FFFFFF;padding:7px 20px;font-size:16px;line-height:24px;border-color:#70a063;border-radius:7px;-moz-border-radius:7px;-webkit-border-radius:7px;text-shadow:none;-moz-text-shadow:none;-webkit-text-shadow:none\"><i class=\"sui sui-users\" style=\"font-size:16px;color:#FFFFFF\"><\/i> \u00a0Lista de Inscritos<\/span><\/a><\/td>\n<\/tr>\n<\/tbody>\n<\/table>\n<p><strong>INSCRI\u00c7\u00d5ES<\/strong><\/p>\n<ul>\n<li>\n<ul>\n<li>As inscri\u00e7\u00f5es s\u00e3o limitadas ao total de 400 participantes*<\/li>\n<li>O processo de registo de inscri\u00e7\u00f5es est\u00e1 dispon\u00edvel on-line, mediante preenchimento de um formul\u00e1rio, no site do evento: http:\/\/trail.camadeira.com\/ e encerra quando atingir o limite de inscri\u00e7\u00f5es ou \u00e0s 24h do dia 30 de Agosto de 2016.<\/li>\n<li>As <u>inscri\u00e7\u00f5es efetuadas e pagas at\u00e9 ao final do dia 28 de Agosto de 2016<\/u> beneficiam de um peitoral personalizado;<\/li>\n<li>A organiza\u00e7\u00e3o n\u00e3o se responsabilidade por qualquer situa\u00e7\u00e3o decorrente de erro de introdu\u00e7\u00e3o de dados pelos participantes.<\/li>\n<li>O n\u00famero total de participantes inclui as inscri\u00e7\u00f5es abertas e os convidados da entidade organizadora.<\/li>\n<li>A aceita\u00e7\u00e3o de inscri\u00e7\u00f5es extra as defini\u00e7\u00f5es acima divulgadas \u00e9 da inteira responsabilidade da organiza\u00e7\u00e3o.<\/li>\n<li>A confirma\u00e7\u00e3o da inscri\u00e7\u00e3o \u00e9 feita contra o pagamento da respetiva taxa, exclusivamente paga atrav\u00e9s de refer\u00eancia Multibanco enviada por correio eletr\u00f3nico, oportunamente, ap\u00f3s a submiss\u00e3o da inscri\u00e7\u00e3o e dentro dos prazos estabelecidos.<\/li>\n<li>Um participante \u00e9 considerado inscrito, quando preencheu corretamente os dados solicitados no formul\u00e1rio on-line disponibilizado para o efeito e pagar a respetiva taxa. As inscri\u00e7\u00f5es efetuadas no \u00faltimo dia dos respetivos prazos ter\u00e3o de ser pagas igualmente cumprindo o prazo. Para al\u00e9m da hora estabelecida ser\u00e1 definitivamente cancelada a inscri\u00e7\u00e3o.<\/li>\n<li><u>\u00c9 poss\u00edvel pagar um conjunto de inscri\u00e7\u00f5es<\/u>, para o efeito, os grupos interessados devem contatar a organiza\u00e7\u00e3o por email: aventuramadeira@gmail.com indicar quantas inscri\u00e7\u00f5es e a quem se refere o pagamento a efetuar. Nesta situa\u00e7\u00e3o ser\u00e1 enviada uma \u00fanica refer\u00eancia multibanco, com valor total das inscri\u00e7\u00f5es em refer\u00eancia.<\/li>\n<li>A inscri\u00e7\u00e3o no evento pressup\u00f5e a aceita\u00e7\u00e3o de todas as regras estabelecidas pela organiza\u00e7\u00e3o, em regulamento e em outras indica\u00e7\u00f5es adicionais fornecidas at\u00e9 \u00e0 sua integral realiza\u00e7\u00e3o.<\/li>\n<li><strong>A inscri\u00e7\u00e3o ser\u00e1 aceite por ordem de rececionamento da informa\u00e7\u00e3o do pagamento da taxa com a refer\u00eancia Multibanco<\/strong>.<\/li>\n<li>Os dados fornecidos na inscri\u00e7\u00e3o s\u00e3o da responsabilidade do participante e s\u00e3o os referenciados para efeitos de seguro.<\/li>\n<li>A organiza\u00e7\u00e3o pode solicitar a identifica\u00e7\u00e3o do participante, sempre que julgar necess\u00e1rio, no processo de registo no secret\u00e1rio ou, antes ou no final da prova.<\/li>\n<\/ul>\n<ol start=\"12\">\n<li><strong> Taxas de Inscri\u00e7\u00e3o<\/strong><\/li>\n<\/ol>\n<ul>\n<li>Os valores que correspondem \u00e0s taxas de inscri\u00e7\u00e3o s\u00e3o \u00fanicos at\u00e9 \u00e0 data limite de inscri\u00e7\u00e3o e s\u00e3o os seguintes:<\/li>\n<\/ul>\n<p><u>TNSC 21km \u2013 <strong>10 Euros<\/strong><\/u><\/p>\n<p><u>TNSC 10km \u2013 <strong>8 Euros**<\/strong><\/u><\/p>\n<p><strong><u>** O transporte entre a concentra\u00e7\u00e3o (Chegada) e a Partida da prova TNSC 10km tem um custo extra de 2 euros*<\/u><\/strong><\/p>\n<ul>\n<li>No caso de desist\u00eancia de inscri\u00e7\u00f5es confirmadas, a devolu\u00e7\u00e3o da taxa de inscri\u00e7\u00e3o pela organiza\u00e7\u00e3o depende da data de comunica\u00e7\u00e3o da desist\u00eancia e ser\u00e1 efetuada de acordo com o seguinte:<\/li>\n<li>At\u00e9 dia 28 de Agosto de 2016 \u2013 devolu\u00e7\u00e3o do valor total da taxa menos a comiss\u00e3o contratual da refer\u00eancia Multibanco.<\/li>\n<li>Entre o dia 29 e o dia 30 de Agosto de 2016 \u2013 Devolu\u00e7\u00e3o de 50% da taxa menos a comiss\u00e3o contratual da refer\u00eancia Multibanco.<\/li>\n<li>Ap\u00f3s o dia 30 de Agosto de 2016 n\u00e3o h\u00e1 devolu\u00e7\u00e3o da taxa de inscri\u00e7\u00e3o.<\/li>\n<li>Em caso de cancelamento da prova por motivo de for\u00e7a maior, nomeadamente, alertas de tempo, cat\u00e1strofe ou conflitos generalizados e que impe\u00e7am a realiza\u00e7\u00e3o da prova ou outros que a organiza\u00e7\u00e3o considere, ser\u00e1 devolvido 50% do valor da taxa de inscri\u00e7\u00e3o, se reclamada at\u00e9 90 dias ap\u00f3s a data do evento.<\/li>\n<li>Em caso de condi\u00e7\u00f5es climat\u00e9ricas adversas que impe\u00e7am a realiza\u00e7\u00e3o parcial ou total do percurso, no pr\u00f3prio dia do evento, o valor pago pelas inscri\u00e7\u00f5es n\u00e3o ser\u00e1 devolvido.<\/li>\n<\/ul>\n<\/li>\n<\/ul>\n","protected":false},"excerpt":{"rendered":"<p>&nbsp; \u00a0 \u00a0 INSCRI\u00c7\u00d5ES As inscri\u00e7\u00f5es s\u00e3o limitadas ao total de 400 participantes* O processo de registo de inscri\u00e7\u00f5es est\u00e1 dispon\u00edvel on-line, mediante preenchimento de um formul\u00e1rio, no site do evento: http:\/\/trail.camadeira.com\/ e encerra quando atingir o limite de inscri\u00e7\u00f5es ou \u00e0s 24h do dia 30 de Agosto de 2016. As inscri\u00e7\u00f5es efetuadas e pagas &hellip; <\/p>\n<p><a class=\"more-link btn\" href=\"http:\/\/trail.camadeira.com\/?page_id=1439\">Continue a ler<\/a><\/p>\n","protected":false},"author":1,"featured_media":0,"parent":0,"menu_order":0,"comment_status":"closed","ping_status":"closed","template":"","meta":[],"_links":{"self":[{"href":"http:\/\/trail.camadeira.com\/index.php?rest_route=\/wp\/v2\/pages\/1439"}],"collection":[{"href":"http:\/\/trail.camadeira.com\/index.php?rest_route=\/wp\/v2\/pages"}],"about":[{"href":"http:\/\/trail.camadeira.com\/index.php?rest_route=\/wp\/v2\/types\/page"}],"author":[{"embeddable":true,"href":"http:\/\/trail.camadeira.com\/index.php?rest_route=\/wp\/v2\/users\/1"}],"replies":[{"embeddable":true,"href":"http:\/\/trail.camadeira.com\/index.php?rest_route=%2Fwp%2Fv2%2Fcomments&post=1439"}],"version-history":[{"count":12,"href":"http:\/\/trail.camadeira.com\/index.php?rest_route=\/wp\/v2\/pages\/1439\/revisions"}],"predecessor-version":[{"id":1809,"href":"http:\/\/trail.camadeira.com\/index.php?rest_route=\/wp\/v2\/pages\/1439\/revisions\/1809"}],"wp:attachment":[{"href":"http:\/\/trail.camadeira.com\/index.php?rest_route=%2Fwp%2Fv2%2Fmedia&parent=1439"}],"curies":[{"name":"wp","href":"https:\/\/api.w.org\/{rel}","templated":true}]}}